{"id":48721,"date":"2023-08-11T12:15:06","date_gmt":"2023-08-11T10:15:06","guid":{"rendered":"https:\/\/web.palmaactiva.com\/?page_id=48721"},"modified":"2024-03-08T10:42:34","modified_gmt":"2024-03-08T09:42:34","slug":"autonoms","status":"publish","type":"page","link":"https:\/\/web.palmaactiva.com\/es\/autonoms\/","title":{"rendered":"Aut\u00f3nomos"},"content":{"rendered":"<div class=\"su-row\"><div class=\"su-column su-column-size-1-2\"><div class=\"su-column-inner su-u-clearfix su-u-trim\"><img decoding=\"async\" loading=\"lazy\" src=\"https:\/\/web.palmaactiva.com\/wp-content\/uploads\/2023\/08\/autonomos2_.jpg\" alt=\"\" width=\"749\" height=\"380\" class=\"alignnone size-full wp-image-48733\" \/><\/div><\/div> <div class=\"su-column su-column-size-1-2\"><div class=\"su-column-inner su-u-clearfix su-u-trim\"><span style=\"color: #e03e52;\"><strong>La Direcci\u00f3n General de Aut\u00f3nomos tiene que ser la casa de todos los Aut\u00f3nomos<\/strong><\/span>, independientemente de su afiliaci\u00f3n a otras organizaciones, sector al que se dediquen y tiempo que lleven ejerciendo su actividad, son un tejido esencial en la econom\u00eda, modelo de ciudad y convivencia.<\/p>\n<p>En el proceso de emprendimiento, el emprendedor se encuentra con obst\u00e1culos e impedimentos que le dificultan y retardan poder hacer posible su plan de negocio y en otros casos tiene dificultad directamente para hacer ese plan de negocio y viabilidad por falta de experiencia, aunque la base de su proyecto sea buena y tenga un determinado valor a\u00f1adido. El exceso burocr\u00e1tico frena su af\u00e1n emprendedor.<\/div><\/div><\/div>\n<div class=\"su-table su-table-alternate\">\n<table id=\"myTable\" class=\"alt\">\n<tr>\n<th width=\"100%\">\n<h4><strong>PLAN DE ACTUACI\u00d3N &#8211; <span style=\"color: #e03e52\">22 PUNTOS PARA AYUDAR Y PRESTIGIAR LA FIGURA DEL AUT\u00d3NOMO<\/strong><\/span><\/h4>\n<\/th>\n<\/tr>\n<tbody>\n<tr>\n<td>1.\tEl impulso y el fomento del autoempleo, el emprendimiento y la econom\u00eda social, favoreciendo la creaci\u00f3n de empleo estable por parte de las personas aut\u00f3nomas y ayudando a los aut\u00f3nomos ya establecidos en sus necesidades.<\/p>\n<p>2.\tLa elaboraci\u00f3n, gesti\u00f3n y promoci\u00f3n de las pol\u00edticas p\u00fablicas y programas que impulsen al trabajador aut\u00f3nomo, promocionando a todos los niveles la Cultura Emprendedora.<\/p>\n<p>3.\tVentanilla \u00fanica, atenci\u00f3n integra sobre los diferentes circuitos administrativos que afectan desde la creaci\u00f3n de una empresa a su disoluci\u00f3n.<\/p>\n<p>4.\tPlan SOS, destinado a reactivar o reflotar proyectos.<\/p>\n<p>5.\tPlan Palma Segunda Oportunidad, para que los trabajadores aut\u00f3nomos tengan ayuda para encarar un nuevo proyecto.<\/p>\n<p>6.\tCoordinaci\u00f3n con otras administraciones para lograr incentivos fiscales, haciendo m\u00e1s viables los proyectos del trabajador aut\u00f3nomo y la contrataci\u00f3n de personal.<\/p>\n<p>7.\tApoyar el asociacionismo, como proyecto de integraci\u00f3n de los trabajadores aut\u00f3nomos.<\/p>\n<p>8.\tEl dise\u00f1o, la gesti\u00f3n, el seguimiento y posterior control de las ayudas dirigidas a trabajadores Aut\u00f3nomos as\u00ed como a sus Asociaciones.<\/p>\n<p>9.\tInstaurar la conciliaci\u00f3n de la vida laboral, personal y familiar de las personas trabajadores aut\u00f3nomos, colaborando con la Conseller\u00eda competente en dicha materia.<\/p>\n<p>10.\tCreaci\u00f3n de la Mesa del Aut\u00f3nomo (con asociaciones, patronales, colectivos referentes y profesionales de los diferentes sectores).<\/p>\n<p>11.\tImpulsar y crear redes de colaboraci\u00f3n entre las personas trabajadoras aut\u00f3nomas, para mejorar y fortalecer la econom\u00eda productiva de la Ciudad del Palma.<\/p>\n<p>12.\tObservatorio del Trabajador Aut\u00f3nomo (Big Data) obteniendo toda la informaci\u00f3n detallada y actualizada del tejido empresarial para que las ayudas e impulsos econ\u00f3micos logren los mejores resultados.<\/p>\n<p>13.\tFormaci\u00f3n empresarial adaptada a las nuevas necesidades del mundo empresarial.<\/p>\n<p>14.\tUna formaci\u00f3n exclusivamente destinada a saber licitar para la administraci\u00f3n.<\/p>\n<p>15.\tPromocionar unas condiciones \u00f3ptimas para facilitar el relevo generacional de los trabajadores aut\u00f3nomos.<\/p>\n<p>16.\tAyudar a cuidar la salud mental, el colectivo de aut\u00f3nomos est\u00e1 muy expuesto a variables emocionales, que desembocan much\u00edsimas veces en depresiones, jug\u00e1ndose su propio negocio, el de su empleados y su patrimonio.<\/p>\n<p>17.\tCoordinar con otras \u00e1reas municipales problemas que afecten a las actividades de los trabadores aut\u00f3nomos.<\/p>\n<p>18.\tAtenci\u00f3n especial a las nuevas profesiones susceptibles al trabajador aut\u00f3nomo. <\/p>\n<p>19.\tPrestigiar la figura del aut\u00f3nomo a trav\u00e9s de un departamento de comunicaci\u00f3n que haga llegar la verdadera situaci\u00f3n del sector con sus logros, avances, explicando su verdadera aportaci\u00f3n a la creaci\u00f3n de riqueza, creaci\u00f3n de puestos de trabajo y alternativa a otros modelos de vida.<\/p>\n<p>20.\tEstablecer acuerdos con la universidad y centros de FP, para impartir masters class con emprendedores\/empresarios, de dilatada experiencia o con proyectos novedosos, creando cultura emprendedora.<\/p>\n<p>21.\tInfluir con informes detallados para variar normativas obsoletas o anacr\u00f3nicas e intentar hacer llegar propuestas de cambio al actual Estatuto del Trabajo Aut\u00f3nomo.<\/p>\n<p>22.\tCuantas otras competencias le asigne la Comunidad Aut\u00f3noma en materia de trabajo aut\u00f3nomo.\n<\/td>\n<\/tr>\n<\/tbody>\n<\/table>\n<\/div>\n<p>En breve informaremos sobre la nueva <span style=\"color: #e03e52;\"><strong>VENTANILLA \u00daNICA PARA AUT\u00d3NOMOS<\/strong><\/span>.<\/p>","protected":false},"excerpt":{"rendered":"<p>En breve informaremos sobre la nueva VENTANILLA \u00daNICA PARA AUT\u00d3NOMOS.<\/p>\n","protected":false},"author":1,"featured_media":0,"parent":0,"menu_order":0,"comment_status":"closed","ping_status":"closed","template":"","meta":{"footnotes":""},"_links":{"self":[{"href":"https:\/\/web.palmaactiva.com\/es\/wp-json\/wp\/v2\/pages\/48721"}],"collection":[{"href":"https:\/\/web.palmaactiva.com\/es\/wp-json\/wp\/v2\/pages"}],"about":[{"href":"https:\/\/web.palmaactiva.com\/es\/wp-json\/wp\/v2\/types\/page"}],"author":[{"embeddable":true,"href":"https:\/\/web.palmaactiva.com\/es\/wp-json\/wp\/v2\/users\/1"}],"replies":[{"embeddable":true,"href":"https:\/\/web.palmaactiva.com\/es\/wp-json\/wp\/v2\/comments?post=48721"}],"version-history":[{"count":62,"href":"https:\/\/web.palmaactiva.com\/es\/wp-json\/wp\/v2\/pages\/48721\/revisions"}],"predecessor-version":[{"id":48789,"href":"https:\/\/web.palmaactiva.com\/es\/wp-json\/wp\/v2\/pages\/48721\/revisions\/48789"}],"wp:attachment":[{"href":"https:\/\/web.palmaactiva.com\/es\/wp-json\/wp\/v2\/media?parent=48721"}],"curies":[{"name":"wp","href":"https:\/\/api.w.org\/{rel}","templated":true}]}}