{"id":47895,"date":"2023-03-06T17:50:39","date_gmt":"2023-03-06T16:50:39","guid":{"rendered":"https:\/\/web.palmaactiva.com\/?page_id=47895"},"modified":"2023-03-07T07:18:46","modified_gmt":"2023-03-07T06:18:46","slug":"activitats-de-palmaactiva-amb-motiu-del-8m","status":"publish","type":"page","link":"https:\/\/web.palmaactiva.com\/es\/activitats-de-palmaactiva-amb-motiu-del-8m\/","title":{"rendered":"Actividades de PalmaActiva con motivo del 8M"},"content":{"rendered":"<p><img decoding=\"async\" loading=\"lazy\" class=\"wp-image-47896 aligncenter\" src=\"https:\/\/web.palmaactiva.com\/wp-content\/uploads\/2023\/03\/jornades-8m.jpg\" alt=\"\" width=\"865\" height=\"1224\" srcset=\"https:\/\/web.palmaactiva.com\/wp-content\/uploads\/2023\/03\/jornades-8m.jpg 1448w, https:\/\/web.palmaactiva.com\/wp-content\/uploads\/2023\/03\/jornades-8m-212x300.jpg 212w, https:\/\/web.palmaactiva.com\/wp-content\/uploads\/2023\/03\/jornades-8m-724x1024.jpg 724w, https:\/\/web.palmaactiva.com\/wp-content\/uploads\/2023\/03\/jornades-8m-768x1086.jpg 768w, https:\/\/web.palmaactiva.com\/wp-content\/uploads\/2023\/03\/jornades-8m-1086x1536.jpg 1086w\" sizes=\"(max-width: 865px) 100vw, 865px\" \/><\/p>\nOrganizamos dos conferencias con motivo del D\u00eda Internacional de la Mujer. Las dos <strong>tendr\u00e1n lugar el martes 14 de marzo en la sede de PalmaActiva<\/strong>.<br \/>\n<\/br><\/p>\n<p style=\"text-align: center;\"><span style=\"color: #e03e52;\"><strong>\u201cELLAS EMPRENDEN: EL COMERCIO TRADICIONAL DE PALMA\u201d \/ 16h<\/strong><\/span><\/p>\n<p style=\"text-align: left;\">Un grupo de mujeres propietarias, titulares, gerentes&#8230; de establecimientos emblem\u00e1ticos de Palma analizar\u00e1n el papel de la mujer en el comercio tradicional. Magal\u00ed Utrilla, directora general de Fires i Mercats, ser\u00e1 la moderadora de la charla.<\/p>\n<p>Las participantes, relacionadas todas con comercios emblem\u00e1ticoss de Palma, son:<\/p>\n<p>\u00b7 Mar\u00eda Jos\u00e9 Orero, del Fornet de la Soca<br \/>\n\u00b7 Cati Capell\u00e0, de Florister\u00eda Miquel Capell\u00e0<br \/>\n\u00b7 Maria Jos\u00e9 Benito, de Calzados Beltr\u00e1n<br \/>\n\u00b7 Neus Masdeu, de Fajas Reina<br \/>\n\u00b7 Francisca Mesana, de Gomex.<br \/>\n\u00b7 Juana Noguera, Abolengo<\/p>\n<p><strong>*No requiere de inscripci\u00f3n<\/strong><\/p>\n<hr \/>\n<p style=\"text-align: center;\"><span style=\"color: #e03e52;\"><strong>\u00abMUJER Y INNOVACI\u00d3N\u00bb \/ 18.30H<\/strong><\/span><\/p>\n<p>Cuatro expertas hablar\u00e1n de mujer e innovaci\u00f3n desde las vertientes de la transici\u00f3n ecol\u00f3gica, de las TIC y la ciberseguridad, del turismo sostenible y de la industria creativa y cultural. Gabrielle Ripoll, directora general d&#8217;Ocupaci\u00f3, moderar\u00e0 la xerrada.<\/p>\n<p>Las ponentes son:<\/p>\n<p>\u00b7 Susana Hormigos, doctora y jefa de estudios del Grado de Edificaci\u00f3n del departamento de Ingenier\u00eda Industrial y Construcci\u00f3n de la UIB.<br \/>\n\u00b7 Maribel Barcel\u00f3, del equipo de Respuesta a Incidentes de Seguridad y secretaria de la Unidad de Innovaci\u00f3n Tecnol\u00f3gica en Ciberseguridad de la UIB.<br \/>\n\u00b7 Aina M. Ripoll, directora de la Unidad de Inteligencia Econ\u00f3mica de Impulsa Balears.<br \/>\n\u00b7 Mariona Luis Tom\u00e1s, directora\/gerente de IDI (Institut de Innovaci\u00f3n de las Illes Balears).<\/p>\n<div class=\"su-button-center\"><a href=\"https:\/\/docs.google.com\/forms\/d\/e\/1FAIpQLSd0hvqPYPKeD_XhYjVio-vMwHxv0XX1NwHxv0QWko-W6bXaCQ\/viewform\" class=\"su-button su-button-style-flat\" style=\"color:#ffffff;background-color:#e03e52;border-color:#b43242;border-radius:6px;-moz-border-radius:6px;-webkit-border-radius:6px\" target=\"__blank\"><span style=\"color:#ffffff;padding:6px 18px;font-size:14px;line-height:21px;border-color:#ea7886;border-radius:6px;-moz-border-radius:6px;-webkit-border-radius:6px;text-shadow:none;-moz-text-shadow:none;-webkit-text-shadow:none\"><i class=\"sui sui-sign-in\" style=\"font-size:14px;color:#FFFFFF\"><\/i> Inscripci\u00f3n a la conferencia \u201cMujer e Innovaci\u00f3n\u201d<\/span><\/a><\/div>","protected":false},"excerpt":{"rendered":"<p>Organizamos dos conferencias con motivo del D\u00eda Internacional de la Mujer. Las dos tendr\u00e1n lugar el martes 14 de marzo en la sede de PalmaActiva. \u201cELLAS EMPRENDEN: EL COMERCIO TRADICIONAL DE PALMA\u201d \/ 16h Un grupo de mujeres propietarias, titulares, gerentes&#8230; de establecimientos emblem\u00e1ticos de Palma analizar\u00e1n el papel de la mujer en el comercio [&hellip;]<\/p>\n","protected":false},"author":1,"featured_media":0,"parent":0,"menu_order":0,"comment_status":"closed","ping_status":"closed","template":"","meta":{"footnotes":""},"_links":{"self":[{"href":"https:\/\/web.palmaactiva.com\/es\/wp-json\/wp\/v2\/pages\/47895"}],"collection":[{"href":"https:\/\/web.palmaactiva.com\/es\/wp-json\/wp\/v2\/pages"}],"about":[{"href":"https:\/\/web.palmaactiva.com\/es\/wp-json\/wp\/v2\/types\/page"}],"author":[{"embeddable":true,"href":"https:\/\/web.palmaactiva.com\/es\/wp-json\/wp\/v2\/users\/1"}],"replies":[{"embeddable":true,"href":"https:\/\/web.palmaactiva.com\/es\/wp-json\/wp\/v2\/comments?post=47895"}],"version-history":[{"count":16,"href":"https:\/\/web.palmaactiva.com\/es\/wp-json\/wp\/v2\/pages\/47895\/revisions"}],"predecessor-version":[{"id":47912,"href":"https:\/\/web.palmaactiva.com\/es\/wp-json\/wp\/v2\/pages\/47895\/revisions\/47912"}],"wp:attachment":[{"href":"https:\/\/web.palmaactiva.com\/es\/wp-json\/wp\/v2\/media?parent=47895"}],"curies":[{"name":"wp","href":"https:\/\/api.w.org\/{rel}","templated":true}]}}