{"id":17426,"date":"2018-11-22T09:16:46","date_gmt":"2018-11-22T09:16:46","guid":{"rendered":"https:\/\/web.palmaactiva.com\/?page_id=17426"},"modified":"2020-01-07T08:45:22","modified_gmt":"2020-01-07T08:45:22","slug":"exposicio-destabliments-emblematics-de-palma","status":"publish","type":"page","link":"https:\/\/web.palmaactiva.com\/es\/establecimientos-emblematicos\/exposicio-destabliments-emblematics-de-palma\/","title":{"rendered":"Exposici\u00f3n de Establecimientos Emblem\u00e1ticos de Palma"},"content":{"rendered":"<h3>Exposici\u00f3n fotogr\u00e1fica<\/h3>\nUn viaje fotogr\u00e1fico por los 78 establecimientos emblem\u00e1ticos que forman parte del cat\u00e1logo municipal.<br \/>\n<strong class=\"colorear\">UBICACI\u00d3N ACTUAL:<\/strong> En breve publicaremos nueva ubicaci\u00f3n.\n<div id=\"su_slider_69f3aa7677216\" class=\"su-slider su-slider-centered su-slider-pages-yes su-slider-responsive-yes su-lightbox-gallery\" style=\"width:100%\" data-autoplay=\"3000\" data-speed=\"600\" data-mousewheel=\"true\"><div class=\"su-slider-slides\"><div class=\"su-slider-slide\"><a href=\"https:\/\/web.palmaactiva.com\/wp-content\/uploads\/2019\/09\/IMG-20190923-WA0007.jpg\"  title=\"Exposici\u00f3 emblem\u00e0tics a Alfons el Magn\u00e0nim\"><img src=\"https:\/\/web.palmaactiva.com\/wp-content\/uploads\/2019\/09\/IMG-20190923-WA0007-1200x800.jpg\" alt=\"Exposici\u00f3 emblem\u00e0tics a Alfons el Magn\u00e0nim\" \/><\/a><\/div><div class=\"su-slider-slide\"><a href=\"https:\/\/web.palmaactiva.com\/wp-content\/uploads\/2019\/02\/Expo-PalmaActiva-intermodal-emblem\u00e0tics-2-2.jpg\"  title=\"Expo PalmaActiva intermodal emblem\u00e0tics 2 (2)\"><img src=\"https:\/\/web.palmaactiva.com\/wp-content\/uploads\/2019\/02\/Expo-PalmaActiva-intermodal-emblem\u00e0tics-2-2-1200x800.jpg\" alt=\"Expo PalmaActiva intermodal emblem\u00e0tics 2 (2)\" \/><\/a><\/div><div class=\"su-slider-slide\"><a href=\"https:\/\/web.palmaactiva.com\/wp-content\/uploads\/2019\/05\/5.24.2019-PalmaActiva-Expo-emblem\u00e0tics-El-Molinar.jpg\"  title=\"La exposici\u00f3n fotogr\u00e1fica de establecimientos emblem\u00e1ticos de PalmaActiva llega a El Molinar\"><img src=\"https:\/\/web.palmaactiva.com\/wp-content\/uploads\/2019\/05\/5.24.2019-PalmaActiva-Expo-emblem\u00e0tics-El-Molinar-1200x800.jpg\" alt=\"La exposici\u00f3n fotogr\u00e1fica de establecimientos emblem\u00e1ticos de PalmaActiva llega a El Molinar\" \/><\/a><\/div><div class=\"su-slider-slide\"><a href=\"https:\/\/web.palmaactiva.com\/wp-content\/uploads\/2018\/08\/IMG_20180807_151021.jpg\"  title=\"Exposici\u00f3n Emblem\u00e1ticos en Plaza de Espa\u00f1a\"><img src=\"https:\/\/web.palmaactiva.com\/wp-content\/uploads\/2018\/08\/IMG_20180807_151021.jpg\" alt=\"Exposici\u00f3n Emblem\u00e1ticos en Plaza de Espa\u00f1a\" \/><\/a><\/div><div class=\"su-slider-slide\"><a href=\"https:\/\/web.palmaactiva.com\/wp-content\/uploads\/2018\/06\/IMG-20180622-WA0001.jpg\"  title=\"Inauguraci\u00f3n de la exposici\u00f3n fotogr\u00e1fica del cat\u00e1logo de establecimientos emblem\u00e1ticos de Palma\"><img src=\"https:\/\/web.palmaactiva.com\/wp-content\/uploads\/2018\/06\/IMG-20180622-WA0001.jpg\" alt=\"Inauguraci\u00f3n de la exposici\u00f3n fotogr\u00e1fica del cat\u00e1logo de establecimientos emblem\u00e1ticos de Palma\" \/><\/a><\/div><div class=\"su-slider-slide\"><a href=\"https:\/\/web.palmaactiva.com\/wp-content\/uploads\/2018\/01\/Expo-emblem\u00e0tics-Xesc-Fortez-2-as.jpg\"  title=\"La exposici\u00f3n fotogr\u00e1fica de establecimientos emblem\u00e1ticos de Palma se traslada al vest\u00edbulo del teatro Xesc Forteza\"><img src=\"https:\/\/web.palmaactiva.com\/wp-content\/uploads\/2018\/01\/Expo-emblem\u00e0tics-Xesc-Fortez-2-as.jpg\" alt=\"La exposici\u00f3n fotogr\u00e1fica de establecimientos emblem\u00e1ticos de Palma se traslada al vest\u00edbulo del teatro Xesc Forteza\" \/><\/a><\/div><\/div><div class=\"su-slider-nav\"><div class=\"su-slider-direction\"><span class=\"su-slider-prev\"><\/span><span class=\"su-slider-next\"><\/span><\/div><div class=\"su-slider-pagination\"><\/div><\/div><\/div>","protected":false},"excerpt":{"rendered":"<p>Exposici\u00f3n fotogr\u00e1fica Un viaje fotogr\u00e1fico por los 78 establecimientos emblem\u00e1ticos que forman parte del cat\u00e1logo municipal. UBICACI\u00d3N ACTUAL: En breve publicaremos nueva ubicaci\u00f3n.<\/p>\n","protected":false},"author":1,"featured_media":0,"parent":2169,"menu_order":0,"comment_status":"closed","ping_status":"closed","template":"","meta":{"footnotes":""},"_links":{"self":[{"href":"https:\/\/web.palmaactiva.com\/es\/wp-json\/wp\/v2\/pages\/17426"}],"collection":[{"href":"https:\/\/web.palmaactiva.com\/es\/wp-json\/wp\/v2\/pages"}],"about":[{"href":"https:\/\/web.palmaactiva.com\/es\/wp-json\/wp\/v2\/types\/page"}],"author":[{"embeddable":true,"href":"https:\/\/web.palmaactiva.com\/es\/wp-json\/wp\/v2\/users\/1"}],"replies":[{"embeddable":true,"href":"https:\/\/web.palmaactiva.com\/es\/wp-json\/wp\/v2\/comments?post=17426"}],"version-history":[{"count":5,"href":"https:\/\/web.palmaactiva.com\/es\/wp-json\/wp\/v2\/pages\/17426\/revisions"}],"predecessor-version":[{"id":35219,"href":"https:\/\/web.palmaactiva.com\/es\/wp-json\/wp\/v2\/pages\/17426\/revisions\/35219"}],"up":[{"embeddable":true,"href":"https:\/\/web.palmaactiva.com\/es\/wp-json\/wp\/v2\/pages\/2169"}],"wp:attachment":[{"href":"https:\/\/web.palmaactiva.com\/es\/wp-json\/wp\/v2\/media?parent=17426"}],"curies":[{"name":"wp","href":"https:\/\/api.w.org\/{rel}","templated":true}]}}